{"id":466,"date":"2016-01-10T00:32:45","date_gmt":"2016-01-10T00:32:45","guid":{"rendered":"https:\/\/themify.me\/demo\/themes\/landing\/?page_id=2512"},"modified":"2024-01-26T08:58:06","modified_gmt":"2024-01-26T07:58:06","slug":"demo-pages","status":"publish","type":"page","link":"https:\/\/75lat.usz.edu.pl\/","title":{"rendered":"Home"},"content":{"rendered":"<!--themify_builder_content-->\n<div id=\"themify_builder_content-466\" data-postid=\"466\" class=\"themify_builder_content themify_builder_content-466 themify_builder tf_clear\">\n                    <div  data-lazy=\"1\" class=\"module_row themify_builder_row tb_3752eb3 tb_first tf_w\">\n            <span  class=\"builder_row_cover tf_abs\" data-lazy=\"1\"><\/span>            <div class=\"row_inner col_align_top tb_col_count_1 tf_box tf_rel\">\n                        <div  data-lazy=\"1\" class=\"module_column tb-column col-full tb_b630e31 first\">\n                    <!-- module text -->\n<div  class=\"module module-text tb_21de73d historia repeat \" data-lazy=\"1\" id=\"historia\">\n        <div  class=\"tb_text_wrap\">\n        <h1>Historia 75- lecia<\/h1>\n<div>\u00a0<\/div>    <\/div>\n<\/div>\n<!-- \/module text --><!-- module text -->\n<div  class=\"module module-text tb_rwxz426  repeat \" data-lazy=\"1\">\n        <div  class=\"tb_text_wrap\">\n        <p>Rok 2021 jest rokiem obchod\u00f3w 75-lecia Wy\u017cszego Szkolnictwa Ekonomicznego na Pomorzu Zachodnim oraz 75-lecia Szczeci\u0144skiej Szko\u0142y Ekonomiki Transportu. W zwi\u0105zku z tym Wydzia\u0142 Ekonomii, Finans\u00f3w i Zarz\u0105dzania Uniwersytety Szczeci\u0144skiego przygotowa\u0142 z tej okazji szereg wydarze\u0144 zwi\u0105zanych z obchodami.<\/p>    <\/div>\n<\/div>\n<!-- \/module text --><!-- module divider -->\n<div  class=\"module tf_mw module-divider tb_374d318 solid  divider-custom divider-center\" style=\"border-width: 1px;border-color: #ffffff;margin-bottom: 50px;max-width: 100px;\" data-lazy=\"1\">\n    <\/div>\n<!-- \/module divider -->\n        <\/div>\n                        <\/div>\n        <\/div>\n                        <div  data-parallax-bg=\"desktop\" data-lazy=\"1\" class=\"module_row themify_builder_row tb_cd980f3 tf_w\">\n            <span  class=\"builder_row_cover tf_abs\" data-lazy=\"1\"><\/span>            <div class=\"row_inner col_align_top tb_col_count_2 tf_box tf_rel\">\n                        <div  data-lazy=\"1\" class=\"module_column tb-column col4-2 tb_32bced0 first\">\n                            <div  data-lazy=\"1\" class=\"module_subrow themify_builder_sub_row tf_w col_align_top tb_col_count_1 tb_31e75af\">\n                <div  data-lazy=\"1\" class=\"module_column sub_column col-full tb_19bd8cc first\">\n                    <!-- module box -->\n<div  class=\"module module-box tb_3jr8587 \" data-lazy=\"1\">\n    <div class=\"module-box-content ui glossy tb_default_color\">\n                <div class=\"tb_text_wrap\"><p><iframe loading=\"lazy\" title=\"YouTube video player\" src=\"https:\/\/www.youtube.com\/embed\/N82MGM5uQSc\" width=\"560\" height=\"315\" frameborder=\"0\" allowfullscreen=\"allowfullscreen\"><\/iframe><\/p><\/div>\n    <\/div>\n<\/div>\n<!-- \/module box -->\n        <\/div>\n                    <\/div>\n                <\/div>\n                    <div  data-lazy=\"1\" class=\"module_column tb-column col4-2 tb_6vvy951 last\">\n                    <!-- module image -->\n<div  class=\"module module-image tb_p8m7214 image-top   tf_mw\" data-lazy=\"1\">\n        <div class=\"image-wrap tf_rel tf_mw\">\n            <a href=\"http:\/\/galeriaus.usz.edu.pl\/?p=11767\">\n                   <img loading=\"lazy\" decoding=\"async\" width=\"1200\" height=\"800\" src=\"https:\/\/75lat.usz.edu.pl\/wp-content\/uploads\/2021\/11\/75lat.jpg\" class=\"wp-post-image wp-image-1375\" title=\"Uroczyste posiedzenie Senatu US \u2013 75 lat ekonomii\" alt=\"Uroczyste posiedzenie Senatu US \u2013 75 lat ekonomii\" srcset=\"https:\/\/75lat.usz.edu.pl\/wp-content\/uploads\/2021\/11\/75lat.jpg 1200w, https:\/\/75lat.usz.edu.pl\/wp-content\/uploads\/2021\/11\/75lat-300x200.jpg 300w, https:\/\/75lat.usz.edu.pl\/wp-content\/uploads\/2021\/11\/75lat-1024x683.jpg 1024w, https:\/\/75lat.usz.edu.pl\/wp-content\/uploads\/2021\/11\/75lat-768x512.jpg 768w, https:\/\/75lat.usz.edu.pl\/wp-content\/uploads\/2021\/11\/75lat-391x260.jpg 391w\" sizes=\"auto, (max-width: 1200px) 100vw, 1200px\" \/>        <\/a>\n    \n        <\/div>\n    <!-- \/image-wrap -->\n    \n        <div class=\"image-content\">\n                    <h3 class=\"image-title\">\n                                    <a href=\"http:\/\/galeriaus.usz.edu.pl\/?p=11767\">\n                        Uroczyste posiedzenie Senatu US \u2013 75 lat ekonomii                    <\/a>\n                            <\/h3>\n                    <\/div>\n    <!-- \/image-content -->\n        <\/div>\n<!-- \/module image -->        <\/div>\n                        <\/div>\n        <\/div>\n                        <div  data-parallax-bg=\"desktop\" data-lazy=\"1\" class=\"module_row themify_builder_row tb_h7s3370 tf_w\">\n            <span  class=\"builder_row_cover tf_abs\" data-lazy=\"1\"><\/span>            <div class=\"row_inner col_align_top tb_col_count_1 tf_box tf_rel\">\n                        <div  data-lazy=\"1\" class=\"module_column tb-column col-full tb_7k6l370 first\">\n                            <div  data-lazy=\"1\" class=\"module_subrow themify_builder_sub_row tf_w col_align_top tb_col_count_1 tb_b0s7370\">\n                <div  data-lazy=\"1\" class=\"module_column sub_column col-full tb_14tj371 first\">\n                    <!-- module text -->\n<div  class=\"module module-text tb_55s4371  repeat  wow\" data-tf-animation=\"fadeInLeft\" data-lazy=\"1\">\n        <div  class=\"tb_text_wrap\">\n        <p><img decoding=\"async\" src=\"https:\/\/75lat.usz.edu.pl\/wp-content\/uploads\/2021\/10\/zaproszenie_UROCZYSTOSC-odnowienia-doktoratu_mail.png\" \/><\/p>    <\/div>\n<\/div>\n<!-- \/module text --><!-- module box -->\n<div  class=\"module module-box tb_pwg3371 program\" data-lazy=\"1\" id=\"program-2\">\n    <div class=\"module-box-content ui glossy tb_default_color\">\n                <div class=\"tb_text_wrap\"><p align=\"center\">Rektor oraz Senat Uniwersytetu Szczeci\u0144skiego<\/p>\n<p align=\"center\">maj\u0105 zaszczyt zaprosi\u0107 na<\/p>\n<p align=\"center\"><b>UROCZYSTE POSIEDZENIE SENATU US<\/b><\/p>\n<div>\n<p align=\"center\">w ramach obchod\u00f3w 75-lecia Wy\u017cszego Szkolnictwa Ekonomicznego<\/p>\n<p align=\"center\">na Pomorzu Zachodnim<\/p>\n<\/div>\n<div>\n<p align=\"center\">Uroczysto\u015b\u0107 odb\u0119dzie si\u0119 14 pa\u017adziernika 2021 r. o godz. 10:00<\/p>\n<p align=\"center\">w auli uniwersyteckiej przy ul. Krakowskiej 71-79 w Szczecinie.<\/p>\n<\/div>\n<div>\n<p align=\"center\">Prosimy o potwierdzenie uczestnictwa do dnia <u>7 pa\u017adziernika 2021 r.<\/u><\/p>\n<p align=\"center\">w Sekretariacie Dziekana WEFIZ na adres e-mail: <a id=\"LPlnk839997\" href=\"mailto:dziekan.efz@usz.edu.pl\" target=\"_blank\" rel=\"noopener noreferrer\" data-auth=\"NotApplicable\" data-linkindex=\"0\">dziekan.efz@usz.edu.pl<\/a> lub nr tel. 91 444 21 20<\/p>\n<\/div>\n<h3 align=\"center\"><b>PROGRAM UROCZYSTO\u015aCI:<\/b><\/h3>\n<div>\n<p align=\"center\">\u00b7 \u00a0 Hymn Rzeczypospolitej Polskiej<\/p>\n<p align=\"center\">\u00b7 \u00a0 Przem\u00f3wienie prof. dra hab. Waldemara Tarczy\u0144skiego &#8211; Rektora US<\/p>\n<p align=\"center\">\u00b7 \u00a0 Wr\u0119czenie list\u00f3w gratulacyjnych Marsza\u0142ka Wojew\u00f3dztwa Zachodniopomorskiego<\/p>\n<p align=\"center\">\u00b7 \u00a0 Przedstawienie promotora i recenzent\u00f3w w procesie odnowienia doktoratu:<\/p>\n<p align=\"center\">\u00a0 \u00a0 prof. dra hab. W. B\u0105kowskiego, prof. dra hab. H. Bronka, prof. dra hab. W. Janasza<\/p>\n<p align=\"center\">\u00b7 \u00a0 Laudatio oraz odczytanie i wr\u0119czenie dyplom\u00f3w<\/p>\n<p align=\"center\">\u00b7 \u00a0 Wyst\u0105pienia prof. dra hab. W. B\u0105kowskiego, prof. dra hab. H. Bronka, prof. dra hab. W. Janasza<\/p>\n<p align=\"center\">\u00b7 \u00a0 Wyst\u0105pienia okoliczno\u015bciowe<\/p>\n<p align=\"center\">\u00b7 \u00a0 Pie\u015b\u0144 Gaude Mater Polonia<\/p>\n<\/div><\/div>\n    <\/div>\n<\/div>\n<!-- \/module box -->\n        <\/div>\n                    <\/div>\n                <\/div>\n                        <\/div>\n        <\/div>\n                        <div  data-parallax-bg=\"desktop\" data-lazy=\"1\" class=\"module_row themify_builder_row tb_xkld113 tf_w\">\n            <span  class=\"builder_row_cover tf_abs\" data-lazy=\"1\"><\/span>            <div class=\"row_inner col_align_top tb_col_count_1 tf_box tf_rel\">\n                        <div  data-lazy=\"1\" class=\"module_column tb-column col-full tb_vj69113 first\">\n                            <div  data-lazy=\"1\" class=\"module_subrow themify_builder_sub_row tf_w col_align_top tb_col_count_1 tb_sq1e114\">\n                <div  data-lazy=\"1\" class=\"module_column sub_column col-full tb_o6fg114 first\">\n                    <!-- module text -->\n<div  class=\"module module-text tb_plkc114 publikacje repeat  wow\" data-tf-animation=\"fadeInLeft\" data-lazy=\"1\" id=\"publikacje-2\">\n        <div  class=\"tb_text_wrap\">\n        <h2>Publikacje<\/h2>\n<div>\u00a0<\/div>    <\/div>\n<\/div>\n<!-- \/module text --><!-- module box -->\n<div  class=\"module module-box tb_0la0114 \" data-lazy=\"1\">\n    <div class=\"module-box-content ui glossy tb_default_color\">\n                <div class=\"tb_text_wrap\"><p><a href=\"https:\/\/75lat.usz.edu.pl\/wp-content\/uploads\/2021\/04\/ZALOGA_LOGO.pdf\"><img loading=\"lazy\" decoding=\"async\" class=\"alignnone size-medium wp-image-1267\" src=\"https:\/\/75lat.usz.edu.pl\/wp-content\/uploads\/2021\/04\/zaloga_okl-1-strona-243x300.png\" alt=\"\" width=\"243\" height=\"300\" srcset=\"https:\/\/75lat.usz.edu.pl\/wp-content\/uploads\/2021\/04\/zaloga_okl-1-strona-243x300.png 243w, https:\/\/75lat.usz.edu.pl\/wp-content\/uploads\/2021\/04\/zaloga_okl-1-strona.png 719w\" sizes=\"auto, (max-width: 243px) 100vw, 243px\" \/><\/a> <a href=\"https:\/\/75lat.usz.edu.pl\/wp-content\/uploads\/2021\/04\/Perenc-MiZ-142-druk.pdf\"><img loading=\"lazy\" decoding=\"async\" class=\"alignnone size-medium wp-image-1264\" src=\"https:\/\/75lat.usz.edu.pl\/wp-content\/uploads\/2021\/04\/Perenc-okladka-1-strona-210x300.png\" alt=\"\" width=\"210\" height=\"300\" srcset=\"https:\/\/75lat.usz.edu.pl\/wp-content\/uploads\/2021\/04\/Perenc-okladka-1-strona-210x300.png 210w, https:\/\/75lat.usz.edu.pl\/wp-content\/uploads\/2021\/04\/Perenc-okladka-1-strona.png 640w\" sizes=\"auto, (max-width: 210px) 100vw, 210px\" \/><\/a><a href=\"https:\/\/75lat.usz.edu.pl\/wp-content\/uploads\/2021\/04\/Ludzie-US_LOGO.pdf\"><img loading=\"lazy\" decoding=\"async\" class=\"alignnone size-medium wp-image-1291\" src=\"https:\/\/75lat.usz.edu.pl\/wp-content\/uploads\/2021\/04\/LudzieNauki_US-okladka-1-strona-256x300.jpg\" alt=\"\" width=\"256\" height=\"300\" srcset=\"https:\/\/75lat.usz.edu.pl\/wp-content\/uploads\/2021\/04\/LudzieNauki_US-okladka-1-strona-256x300.jpg 256w, https:\/\/75lat.usz.edu.pl\/wp-content\/uploads\/2021\/04\/LudzieNauki_US-okladka-1-strona.jpg 753w\" sizes=\"auto, (max-width: 256px) 100vw, 256px\" \/><\/a> <a href=\"https:\/\/75lat.usz.edu.pl\/wp-content\/uploads\/2021\/04\/AkademickiSzczecin_LOGO.pdf\"><img loading=\"lazy\" decoding=\"async\" class=\"alignnone size-medium wp-image-1282\" src=\"https:\/\/75lat.usz.edu.pl\/wp-content\/uploads\/2021\/04\/akademicki_szczecin_okladka-1-strona-230x300.jpg\" alt=\"\" width=\"230\" height=\"300\" srcset=\"https:\/\/75lat.usz.edu.pl\/wp-content\/uploads\/2021\/04\/akademicki_szczecin_okladka-1-strona-230x300.jpg 230w, https:\/\/75lat.usz.edu.pl\/wp-content\/uploads\/2021\/04\/akademicki_szczecin_okladka-1-strona.jpg 661w\" sizes=\"auto, (max-width: 230px) 100vw, 230px\" \/><\/a><a href=\"https:\/\/75lat.usz.edu.pl\/wp-content\/uploads\/2021\/04\/Gronowski-okladka.jpg\"><img loading=\"lazy\" decoding=\"async\" class=\"alignnone size-medium wp-image-1315\" src=\"https:\/\/75lat.usz.edu.pl\/wp-content\/uploads\/2021\/04\/Gronowski-okladka-300x201.jpg\" alt=\"\" width=\"300\" height=\"201\" srcset=\"https:\/\/75lat.usz.edu.pl\/wp-content\/uploads\/2021\/04\/Gronowski-okladka-300x201.jpg 300w, https:\/\/75lat.usz.edu.pl\/wp-content\/uploads\/2021\/04\/Gronowski-okladka-1024x686.jpg 1024w, https:\/\/75lat.usz.edu.pl\/wp-content\/uploads\/2021\/04\/Gronowski-okladka-768x515.jpg 768w, https:\/\/75lat.usz.edu.pl\/wp-content\/uploads\/2021\/04\/Gronowski-okladka.jpg 1189w\" sizes=\"auto, (max-width: 300px) 100vw, 300px\" \/><\/a> <a href=\"https:\/\/75lat.usz.edu.pl\/wp-content\/uploads\/2021\/04\/Bronk-okladka.jpg\"><img loading=\"lazy\" decoding=\"async\" class=\"alignnone size-medium wp-image-1312\" src=\"https:\/\/75lat.usz.edu.pl\/wp-content\/uploads\/2021\/04\/Bronk-okladka-300x206.jpg\" alt=\"\" width=\"300\" height=\"206\" srcset=\"https:\/\/75lat.usz.edu.pl\/wp-content\/uploads\/2021\/04\/Bronk-okladka-300x206.jpg 300w, https:\/\/75lat.usz.edu.pl\/wp-content\/uploads\/2021\/04\/Bronk-okladka-1024x702.jpg 1024w, https:\/\/75lat.usz.edu.pl\/wp-content\/uploads\/2021\/04\/Bronk-okladka-768x527.jpg 768w, https:\/\/75lat.usz.edu.pl\/wp-content\/uploads\/2021\/04\/Bronk-okladka-474x324.jpg 474w, https:\/\/75lat.usz.edu.pl\/wp-content\/uploads\/2021\/04\/Bronk-okladka.jpg 1165w\" sizes=\"auto, (max-width: 300px) 100vw, 300px\" \/><\/a><a href=\"https:\/\/75lat.usz.edu.pl\/wp-content\/uploads\/2022\/01\/15_flejterski.s.pdf\"><img loading=\"lazy\" decoding=\"async\" class=\"alignnone size-medium wp-image-1385\" src=\"https:\/\/75lat.usz.edu.pl\/wp-content\/uploads\/2022\/01\/okladka_flejterski-212x300.jpg\" alt=\"\" width=\"145\" height=\"206\" srcset=\"https:\/\/75lat.usz.edu.pl\/wp-content\/uploads\/2022\/01\/okladka_flejterski-212x300.jpg 212w, https:\/\/75lat.usz.edu.pl\/wp-content\/uploads\/2022\/01\/okladka_flejterski.jpg 643w\" sizes=\"auto, (max-width: 145px) 100vw, 145px\" \/><\/a><\/p><\/div>\n    <\/div>\n<\/div>\n<!-- \/module box -->\n<!-- module fancy heading -->\n<div  class=\"module module-fancy-heading tb_vkcg114  tb_hide_divider\" data-lazy=\"1\">\n        <h2 class=\"fancy-heading\">\n    <span class=\"main-head tf_block\">\n                    Patronat            <\/span>\n\n    \n    <span class=\"sub-head tf_block tf_rel\">\n                                <\/span>\n    <\/h2>\n<\/div>\n<!-- \/module fancy heading -->\n<!-- module image -->\n<div  class=\"module module-image tb_apsx115 image-center   tf_mw\" data-lazy=\"1\">\n        <div class=\"image-wrap tf_rel tf_mw\">\n            <img decoding=\"async\" src=\"https:\/\/75lat.usz.edu.pl\/wp-content\/uploads\/2021\/06\/PTE-1024x410-749x300.png\" height=\"300\" class=\"wp-post-image wp-image-1333\" title=\"PTE\" alt=\"PTE\" srcset=\"https:\/\/75lat.usz.edu.pl\/wp-content\/uploads\/2021\/06\/PTE-1024x410-749x300.png 749w, https:\/\/75lat.usz.edu.pl\/wp-content\/uploads\/2021\/06\/PTE-300x120.png 300w, https:\/\/75lat.usz.edu.pl\/wp-content\/uploads\/2021\/06\/PTE-1024x410.png 1024w, https:\/\/75lat.usz.edu.pl\/wp-content\/uploads\/2021\/06\/PTE-768x307.png 768w, https:\/\/75lat.usz.edu.pl\/wp-content\/uploads\/2021\/06\/PTE-1536x615.png 1536w, https:\/\/75lat.usz.edu.pl\/wp-content\/uploads\/2021\/06\/PTE.png 1616w\" sizes=\"(max-width: 749px) 100vw, 749px\" \/>    \n        <\/div>\n    <!-- \/image-wrap -->\n    \n        <\/div>\n<!-- \/module image -->        <\/div>\n                    <\/div>\n                <\/div>\n                        <\/div>\n        <\/div>\n                        <div  data-css_id=\"f0ec889\" data-lazy=\"1\" class=\"module_row themify_builder_row fullwidth tb_f0ec889 tf_w\">\n                        <div class=\"row_inner col_align_middle tb_col_count_1 tf_box tf_rel\">\n                        <div  data-lazy=\"1\" class=\"module_column tb-column col-full tb_d220a69 first\">\n                    <!-- module text -->\n<div  class=\"module module-text tb_7uz0151 timeline  \" data-lazy=\"1\" id=\"timeline\">\n        <div  class=\"tb_text_wrap\">\n        <h3 style=\"text-align: center;\"><strong>Kalendarz wydarze\u0144<br \/><\/strong><\/h3>\n<div>\u00a0<\/div>    <\/div>\n<\/div>\n<!-- \/module text --><!-- module text -->\n<div  class=\"module module-text tb_0ah1390   \" data-lazy=\"1\">\n        <div  class=\"tb_text_wrap\">\n        \t\t<div class=\"wpostahs-slider-wrp \" data-conf=\"{&quot;dots&quot;:&quot;true&quot;,&quot;arrows&quot;:&quot;true&quot;,&quot;loop&quot;:&quot;true&quot;,&quot;autoplay&quot;:&quot;true&quot;,&quot;autoplayInterval&quot;:3000,&quot;speed&quot;:300,&quot;fade&quot;:&quot;false&quot;,&quot;rtl&quot;:&quot;false&quot;,&quot;centermode&quot;:&quot;false&quot;,&quot;slidestoshow&quot;:3,&quot;lazyload&quot;:&quot;&quot;}\">\r\n\t\t\t<div class=\"wpostahs-slider wpostahs-slider-inner-wrp wpostahs-slider-design-1\">\r\n\t\t\t\t\n<div id=\"wpostahs-slider-nav-1\" class=\"wpostahs-slider-nav-1 wpostahs-slider-nav wpostahs-slick-slider\" data-slider-nav-for='wpostahs-slider-for-1'>\n\t\n\t\t<div class=\"wpostahs-slider-nav-title\">\n\t\t\t<div class=\"wpostahs-main-title\">\n\t\t\tMaj\t\t\t<\/div>\n\t\t<\/div>\n\t\n\t\t<div class=\"wpostahs-slider-nav-title\">\n\t\t\t<div class=\"wpostahs-main-title\">\n\t\t\tCzerwiec\t\t\t<\/div>\n\t\t<\/div>\n\t\n\t\t<div class=\"wpostahs-slider-nav-title\">\n\t\t\t<div class=\"wpostahs-main-title\">\n\t\t\tWrzesie\u0144\t\t\t<\/div>\n\t\t<\/div>\n\t\n\t\t<div class=\"wpostahs-slider-nav-title\">\n\t\t\t<div class=\"wpostahs-main-title\">\n\t\t\tPa\u017adziernik\t\t\t<\/div>\n\t\t<\/div>\n\t\n\t\t<div class=\"wpostahs-slider-nav-title\">\n\t\t\t<div class=\"wpostahs-main-title\">\n\t\t\tListopad\t\t\t<\/div>\n\t\t<\/div>\n\t<\/div>\n\n<div class=\"wpostahs-slider-for-1 wpostahs-slider-for wpostahs-slick-slider\">\n\t\t\t<div class=\"wpostahs-slider-nav-content\">\n\t\t\t<h2 class=\"wpostahs-centent-title\">Maj<\/h2>\n\t\t\t<div class=\"wpostahs-centent\">\n\t\t\t\tKonferencja Rachunkowo\u015b\u0107 w zarz\u0105dzaniu jednostkami gospodarczymi &#8211; jak ciekawie uczy\u0107 rachunkowo\u015bci\r\n\r\nOrganizator: Instytut Ekonomii i Finans\u00f3w, Katedra Rachunkowo\u015bci<!--themify_builder_content-->\n    <div  class=\"themify_builder_content themify_builder_content-1228 themify_builder not_editable_builder in_the_loop\" data-postid=\"1228\">\n            <\/div>\n<!--\/themify_builder_content-->\t\t\t<\/div>\n\t\t<\/div>\n\t\t\t<div class=\"wpostahs-slider-nav-content\">\n\t\t\t<h2 class=\"wpostahs-centent-title\">Czerwiec<\/h2>\n\t\t\t<div class=\"wpostahs-centent\">\n\t\t\t\t<p>XXI Warsztaty Metodologiczne im. Ma\u0142gorzaty Zwolankowskiej i Miros\u0142awy Gazi\u0144skiej<\/p>\n<p>Organizator: Katedra Ekonometrii i Statystyki<\/p><!--themify_builder_content-->\n    <div  class=\"themify_builder_content themify_builder_content-1231 themify_builder not_editable_builder in_the_loop\" data-postid=\"1231\">\n            <\/div>\n<!--\/themify_builder_content-->\t\t\t<\/div>\n\t\t<\/div>\n\t\t\t<div class=\"wpostahs-slider-nav-content\">\n\t\t\t<h2 class=\"wpostahs-centent-title\">Wrzesie\u0144<\/h2>\n\t\t\t<div class=\"wpostahs-centent\">\n\t\t\t\t<p>Konferencja Katedr Finans\u00f3w<\/p>\n<p>Organizator: Instytut Ekonomii i Finans\u00f3w<\/p>\n<p>&nbsp;<\/p>\n<p>Konferencja \u0141\u0105czno\u015b\u0107<\/p>\n<p>Organizator: Instytut Gospodarki Przestrzennej i Geografii Spo\u0142eczno-Ekonomicznej<\/p>\n<p>&nbsp;<\/p>\n<p>Zjazd Katedr Marketingu, Handlu i Konsumpcji<\/p>\n<p>Organizator: Instytut Zarz\u0105dzania, Katedra Marketingu<\/p>\n<p>&nbsp;<\/p>\n<p>XVII Mi\u0119dzynarodowa Konferencja Naukowa Euro-Trans 2021, pt. Green Finance for Brownfield Transport Sector Transformation,<\/p>\n<p>Organizator: Instytut Zarz\u0105dzania<\/p><!--themify_builder_content-->\n    <div  class=\"themify_builder_content themify_builder_content-1237 themify_builder not_editable_builder in_the_loop\" data-postid=\"1237\">\n            <\/div>\n<!--\/themify_builder_content-->\t\t\t<\/div>\n\t\t<\/div>\n\t\t\t<div class=\"wpostahs-slider-nav-content\">\n\t\t\t<h2 class=\"wpostahs-centent-title\">Pa\u017adziernik<\/h2>\n\t\t\t<div class=\"wpostahs-centent\">\n\t\t\t\t<p>14.10.2021 G\u0142\u00f3wne obchody 75 lat Wy\u017cszego Szkolnictwa Ekonomicznego na Pomorzu Zachodnim<\/p>\n<p>Organizator: Wydzia\u0142 Ekonomii, Finans\u00f3w i Zarz\u0105dzania<\/p>\n<p>&nbsp;<\/p>\n<p>X Konferencja naukowo \u2013 techniczna\u00a0 pt.\u00a0 Transport publiczny \u2013 funkcjonowanie w okresie pandemii i po jej zako\u0144czeniu<\/p>\n<p>Organizator: Instytut Zarz\u0105dzania<\/p>\n<p>&nbsp;<\/p>\n<p>Konferencja naukowo \u2013 praktyczna 12,5m &#8211; MILOWY KROK W ROZWOJU PORTU SZCZECIN?<\/p>\n<p>Organizator: Instytut Zarz\u0105dzania, Katedra Zarz\u0105dzania Transportem<\/p><!--themify_builder_content-->\n    <div  class=\"themify_builder_content themify_builder_content-1240 themify_builder not_editable_builder in_the_loop\" data-postid=\"1240\">\n            <\/div>\n<!--\/themify_builder_content-->\t\t\t<\/div>\n\t\t<\/div>\n\t\t\t<div class=\"wpostahs-slider-nav-content\">\n\t\t\t<h2 class=\"wpostahs-centent-title\">Listopad<\/h2>\n\t\t\t<div class=\"wpostahs-centent\">\n\t\t\t\t<p>XVI Konferencja naukowa MIKROFIRMA 2021<\/p>\n<p>Organizator: Instytut Ekonomii I Finans\u00f3w<\/p>\n<p>&nbsp;<\/p>\n<p>VI Og\u00f3lnopolska Konferencja z cyklu Zarz\u0105dzanie innowacjami w gospodarce<\/p>\n<p>Organizator: Katedra Zarz\u0105dzania Przedsi\u0119biorstwem, Instytut Zarz\u0105dzania<\/p>\n<p>&nbsp;<\/p>\n<p>XXI Konferencja Zarz\u0105dzanie Finansami<\/p>\n<p>Organizator: Katedra Finans\u00f3w i Bankowo\u015bci<\/p><!--themify_builder_content-->\n    <div  class=\"themify_builder_content themify_builder_content-1243 themify_builder not_editable_builder in_the_loop\" data-postid=\"1243\">\n            <\/div>\n<!--\/themify_builder_content-->\t\t\t<\/div>\n\t\t<\/div>\n\t<\/div><!-- #post-## -->\t\t\t<\/div>\r\n\t\t<\/div>\r\n\t\t    <\/div>\n<\/div>\n<!-- \/module text -->        <\/div>\n                        <\/div>\n        <\/div>\n                        <div  data-css_id=\"qc25309\" data-lazy=\"1\" class=\"module_row themify_builder_row fullwidth tb_qc25309 tf_w\">\n                        <div class=\"row_inner col_align_middle tb_col_count_2 tf_box tf_rel\">\n                        <div  data-lazy=\"1\" class=\"module_column tb-column col4-2 tb_qx4e310 first\">\n                    <!-- module text -->\n<div  class=\"module module-text tb_73a9311 komitet repeat  wow\" data-tf-animation=\"fadeInUp\" data-lazy=\"1\" id=\"komitet\">\n        <div  class=\"tb_text_wrap\">\n        <h2>Komitet Programowy<\/h2>\n<div>\u00a0<\/div>    <\/div>\n<\/div>\n<!-- \/module text --><!-- module text -->\n<div  class=\"module module-text tb_9d6j311  repeat  wow\" data-tf-animation=\"fadeInUp\" data-lazy=\"1\">\n        <div  class=\"tb_text_wrap\">\n            <\/div>\n<\/div>\n<!-- \/module text -->        <\/div>\n                    <div  data-lazy=\"1\" class=\"module_column tb-column col4-2 tb_t22i311 last\">\n                    <!-- module text -->\n<div  class=\"module module-text tb_0odv311   \" data-lazy=\"1\">\n        <div  class=\"tb_text_wrap\">\n        <p><strong>Przewodnicz\u0105c Komitetu Programowego<\/strong><\/p>\n<p>prof. dr hab. Waldemar Tarczy\u0144ski, JM Rektor Uniwersytetu Szczeci\u0144skiego<\/p>\n<p><strong>Cz\u0142onkowie Komitetu Programowego:<\/strong><\/p>\n<p>\u00a0<\/p>\n<ul>\n<li>dr hab. Ma\u0142gorzata \u0141atuszy\u0144ska, prof. US<\/li>\n<li>dr hab. Jacek Buko, prof. US<\/li>\n<li>dr hab. Joanna Wi\u015bniewska, prof. US<\/li>\n<li>dr Tomasz Norek<\/li>\n<li>prof. dr hab. Iga Rudawska<\/li>\n<li>dr hab. Ma\u0142gorzata Porada-Rocho\u0144, prof. US<\/li>\n<li>dr hab. Sebastian Majewski, prof. US<\/li>\n<li>prof. dr hab. in\u017c. Kesra Nermend<\/li>\n<li>dr hab. Katarzyna Gadomska-Lila, prof. US<\/li>\n<li>dr Andrzej Rzeczycki<\/li>\n<li>prof. dr hab. Gra\u017cyna Rosa<\/li>\n<li>dr hab. Rafa\u0142 Kl\u00f3ska, prof. US<\/li>\n<li>dr hab. Barbara Kryk prof. US<\/li>\n<li>prof. dr hab. Ewa Fr\u0105ckiewicz<\/li>\n<\/ul>    <\/div>\n<\/div>\n<!-- \/module text -->        <\/div>\n                        <\/div>\n        <\/div>\n                        <div  data-lazy=\"1\" class=\"module_row themify_builder_row animated-bg tb_54f79e3 tf_w\">\n                        <div class=\"row_inner col_align_top tb_col_count_1 tf_box tf_rel\">\n                        <div  data-lazy=\"1\" class=\"module_column tb-column col-full tb_f336584 first\">\n                            <\/div>\n                        <\/div>\n        <\/div>\n                        <div  data-css_id=\"d96563a\" data-lazy=\"1\" class=\"module_row themify_builder_row fullwidth tb_d96563a tf_w\">\n                        <div class=\"row_inner gutter-none col_align_middle tb_col_count_2 tf_box tf_rel\">\n                        <div  data-lazy=\"1\" class=\"module_column tb-column col4-2 tb_e94ab53 first\">\n                    <!-- module text -->\n<div  class=\"module module-text tb_mbso771   \" data-lazy=\"1\">\n        <div  class=\"tb_text_wrap\">\n        <p><iframe src=\"https:\/\/www.google.com\/maps\/embed?pb=!1m18!1m12!1m3!1d2376.663091156344!2d14.518420316184564!3d53.4387319799986!2m3!1f0!2f0!3f0!3m2!1i1024!2i768!4f13.1!3m3!1m2!1s0x47aa09358c31c177%3A0xa101415c4a7474c5!2sAdama%20Mickiewicza%2064%2C%2071-899%20Szczecin!5e0!3m2!1spl!2spl!4v1614770392775!5m2!1spl!2spl\" width=\"600\" height=\"450\" style=\"border:0;\" allowfullscreen=\"\" loading=\"lazy\"><\/iframe><\/p>\n    <\/div>\n<\/div>\n<!-- \/module text -->        <\/div>\n                    <div  data-lazy=\"1\" class=\"module_column tb-column col4-2 tb_4032822 last\">\n                    <!-- module text -->\n<div  class=\"module module-text tb_dcfcb84 kontakt repeat  wow\" data-tf-animation=\"fadeInLeft\" data-lazy=\"1\" id=\"kontakt\">\n        <div  class=\"tb_text_wrap\">\n        <h2>Kontakt<\/h2>    <\/div>\n<\/div>\n<!-- \/module text --><!-- module text -->\n<div  class=\"module module-text tb_mze1984   \" data-lazy=\"1\">\n        <div  class=\"tb_text_wrap\">\n        <p>dr Urszula Chr\u0105chol- Barczyk <a href=\"mailto:urszula.chrachol-barczyk@usz.edu.pl\" target=\"_blank\" rel=\"noopener noreferrer\" data-auth=\"NotApplicable\">urszula.chrachol-barczyk@usz.edu.pl<\/a><\/p>\n<p>dr Agnieszka Smalec <a href=\"mailto:agnieszka.smalec@usz.edu.pl\" target=\"_blank\" rel=\"noopener noreferrer\" data-auth=\"NotApplicable\">agnieszka.smalec@usz.edu.pl<\/a><\/p>    <\/div>\n<\/div>\n<!-- \/module text -->        <\/div>\n                        <\/div>\n        <\/div>\n        <\/div>\n<!--\/themify_builder_content-->","protected":false},"excerpt":{"rendered":"<p>Historia 75- lecia \u00a0 Rok 2021 jest rokiem obchod\u00f3w 75-lecia Wy\u017cszego Szkolnictwa Ekonomicznego na Pomorzu Zachodnim oraz 75-lecia Szczeci\u0144skiej Szko\u0142y Ekonomiki Transportu. W zwi\u0105zku z tym Wydzia\u0142 Ekonomii, Finans\u00f3w i Zarz\u0105dzania Uniwersytety Szczeci\u0144skiego przygotowa\u0142 z tej okazji szereg wydarze\u0144 zwi\u0105zanych z obchodami. Uroczyste posiedzenie Senatu US \u2013 75 lat ekonomii Rektor oraz Senat Uniwersytetu Szczeci\u0144skiego [&hellip;]<\/p>\n","protected":false},"author":1,"featured_media":0,"parent":0,"menu_order":0,"comment_status":"closed","ping_status":"closed","template":"","meta":{"footnotes":""},"class_list":["post-466","page","type-page","status-publish","hentry","has-post-title","has-post-date","has-post-category","has-post-tag","has-post-comment","has-post-author",""],"builder_content":"<h1>Historia 75- lecia<\/h1> \u00a0\n<p>Rok 2021 jest rokiem obchod\u00f3w 75-lecia Wy\u017cszego Szkolnictwa Ekonomicznego na Pomorzu Zachodnim oraz 75-lecia Szczeci\u0144skiej Szko\u0142y Ekonomiki Transportu. W zwi\u0105zku z tym Wydzia\u0142 Ekonomii, Finans\u00f3w i Zarz\u0105dzania Uniwersytety Szczeci\u0144skiego przygotowa\u0142 z tej okazji szereg wydarze\u0144 zwi\u0105zanych z obchodami.<\/p>\n\n<p><iframe loading=\"lazy\" title=\"YouTube video player\" src=\"https:\/\/www.youtube.com\/embed\/N82MGM5uQSc\" width=\"560\" height=\"315\" frameborder=\"0\" allowfullscreen=\"allowfullscreen\"><\/iframe><\/p>\n<a href=\"http:\/\/galeriaus.usz.edu.pl\/?p=11767\"> <img src=\"https:\/\/75lat.usz.edu.pl\/wp-content\/uploads\/2021\/11\/75lat.jpg\" title=\"Uroczyste posiedzenie Senatu US \u2013 75 lat ekonomii\" alt=\"Uroczyste posiedzenie Senatu US \u2013 75 lat ekonomii\" srcset=\"https:\/\/75lat.usz.edu.pl\/wp-content\/uploads\/2021\/11\/75lat.jpg 1200w, https:\/\/75lat.usz.edu.pl\/wp-content\/uploads\/2021\/11\/75lat-300x200.jpg 300w, https:\/\/75lat.usz.edu.pl\/wp-content\/uploads\/2021\/11\/75lat-1024x683.jpg 1024w, https:\/\/75lat.usz.edu.pl\/wp-content\/uploads\/2021\/11\/75lat-768x512.jpg 768w, https:\/\/75lat.usz.edu.pl\/wp-content\/uploads\/2021\/11\/75lat-391x260.jpg 391w\" sizes=\"(max-width: 1200px) 100vw, 1200px\" \/> <\/a> <h3> <a href=\"http:\/\/galeriaus.usz.edu.pl\/?p=11767\"> Uroczyste posiedzenie Senatu US \u2013 75 lat ekonomii <\/a> <\/h3>\n<p><img decoding=\"async\" src=\"https:\/\/75lat.usz.edu.pl\/wp-content\/uploads\/2021\/10\/zaproszenie_UROCZYSTOSC-odnowienia-doktoratu_mail.png\" \/><\/p>\n<p align=\"center\">Rektor oraz Senat Uniwersytetu Szczeci\u0144skiego<\/p> <p align=\"center\">maj\u0105 zaszczyt zaprosi\u0107 na<\/p> <p align=\"center\"><b>UROCZYSTE POSIEDZENIE SENATU US<\/b><\/p>\n<p align=\"center\">w ramach obchod\u00f3w 75-lecia Wy\u017cszego Szkolnictwa Ekonomicznego<\/p> <p align=\"center\">na Pomorzu Zachodnim<\/p>\n<p align=\"center\">Uroczysto\u015b\u0107 odb\u0119dzie si\u0119 14 pa\u017adziernika 2021 r. o godz. 10:00<\/p> <p align=\"center\">w auli uniwersyteckiej przy ul. Krakowskiej 71-79 w Szczecinie.<\/p>\n<p align=\"center\">Prosimy o potwierdzenie uczestnictwa do dnia <u>7 pa\u017adziernika 2021 r.<\/u><\/p> <p align=\"center\">w Sekretariacie Dziekana WEFIZ na adres e-mail: <a id=\"LPlnk839997\" href=\"mailto:dziekan.efz@usz.edu.pl\" target=\"_blank\" rel=\"noopener noreferrer\" data-auth=\"NotApplicable\" data-linkindex=\"0\">dziekan.efz@usz.edu.pl<\/a> lub nr tel. 91 444 21 20<\/p>\n<h3 align=\"center\"><b>PROGRAM UROCZYSTO\u015aCI:<\/b><\/h3>\n<p align=\"center\">\u00b7 \u00a0 Hymn Rzeczypospolitej Polskiej<\/p> <p align=\"center\">\u00b7 \u00a0 Przem\u00f3wienie prof. dra hab. Waldemara Tarczy\u0144skiego - Rektora US<\/p> <p align=\"center\">\u00b7 \u00a0 Wr\u0119czenie list\u00f3w gratulacyjnych Marsza\u0142ka Wojew\u00f3dztwa Zachodniopomorskiego<\/p> <p align=\"center\">\u00b7 \u00a0 Przedstawienie promotora i recenzent\u00f3w w procesie odnowienia doktoratu:<\/p> <p align=\"center\">\u00a0 \u00a0 prof. dra hab. W. B\u0105kowskiego, prof. dra hab. H. Bronka, prof. dra hab. W. Janasza<\/p> <p align=\"center\">\u00b7 \u00a0 Laudatio oraz odczytanie i wr\u0119czenie dyplom\u00f3w<\/p> <p align=\"center\">\u00b7 \u00a0 Wyst\u0105pienia prof. dra hab. W. B\u0105kowskiego, prof. dra hab. H. Bronka, prof. dra hab. W. Janasza<\/p> <p align=\"center\">\u00b7 \u00a0 Wyst\u0105pienia okoliczno\u015bciowe<\/p> <p align=\"center\">\u00b7 \u00a0 Pie\u015b\u0144 Gaude Mater Polonia<\/p>\n<h2>Publikacje<\/h2> \u00a0\n<p><a href=\"https:\/\/75lat.usz.edu.pl\/wp-content\/uploads\/2021\/04\/ZALOGA_LOGO.pdf\"><img loading=\"lazy\" decoding=\"async\" src=\"https:\/\/75lat.usz.edu.pl\/wp-content\/uploads\/2021\/04\/zaloga_okl-1-strona-243x300.png\" alt=\"\" width=\"243\" height=\"300\" srcset=\"https:\/\/75lat.usz.edu.pl\/wp-content\/uploads\/2021\/04\/zaloga_okl-1-strona-243x300.png 243w, https:\/\/75lat.usz.edu.pl\/wp-content\/uploads\/2021\/04\/zaloga_okl-1-strona.png 719w\" sizes=\"auto, (max-width: 243px) 100vw, 243px\" \/><\/a> <a href=\"https:\/\/75lat.usz.edu.pl\/wp-content\/uploads\/2021\/04\/Perenc-MiZ-142-druk.pdf\"><img loading=\"lazy\" decoding=\"async\" src=\"https:\/\/75lat.usz.edu.pl\/wp-content\/uploads\/2021\/04\/Perenc-okladka-1-strona-210x300.png\" alt=\"\" width=\"210\" height=\"300\" srcset=\"https:\/\/75lat.usz.edu.pl\/wp-content\/uploads\/2021\/04\/Perenc-okladka-1-strona-210x300.png 210w, https:\/\/75lat.usz.edu.pl\/wp-content\/uploads\/2021\/04\/Perenc-okladka-1-strona.png 640w\" sizes=\"auto, (max-width: 210px) 100vw, 210px\" \/><\/a><a href=\"https:\/\/75lat.usz.edu.pl\/wp-content\/uploads\/2021\/04\/Ludzie-US_LOGO.pdf\"><img loading=\"lazy\" decoding=\"async\" src=\"https:\/\/75lat.usz.edu.pl\/wp-content\/uploads\/2021\/04\/LudzieNauki_US-okladka-1-strona-256x300.jpg\" alt=\"\" width=\"256\" height=\"300\" srcset=\"https:\/\/75lat.usz.edu.pl\/wp-content\/uploads\/2021\/04\/LudzieNauki_US-okladka-1-strona-256x300.jpg 256w, https:\/\/75lat.usz.edu.pl\/wp-content\/uploads\/2021\/04\/LudzieNauki_US-okladka-1-strona.jpg 753w\" sizes=\"auto, (max-width: 256px) 100vw, 256px\" \/><\/a> <a href=\"https:\/\/75lat.usz.edu.pl\/wp-content\/uploads\/2021\/04\/AkademickiSzczecin_LOGO.pdf\"><img loading=\"lazy\" decoding=\"async\" src=\"https:\/\/75lat.usz.edu.pl\/wp-content\/uploads\/2021\/04\/akademicki_szczecin_okladka-1-strona-230x300.jpg\" alt=\"\" width=\"230\" height=\"300\" srcset=\"https:\/\/75lat.usz.edu.pl\/wp-content\/uploads\/2021\/04\/akademicki_szczecin_okladka-1-strona-230x300.jpg 230w, https:\/\/75lat.usz.edu.pl\/wp-content\/uploads\/2021\/04\/akademicki_szczecin_okladka-1-strona.jpg 661w\" sizes=\"auto, (max-width: 230px) 100vw, 230px\" \/><\/a><a href=\"https:\/\/75lat.usz.edu.pl\/wp-content\/uploads\/2021\/04\/Gronowski-okladka.jpg\"><img loading=\"lazy\" decoding=\"async\" src=\"https:\/\/75lat.usz.edu.pl\/wp-content\/uploads\/2021\/04\/Gronowski-okladka-300x201.jpg\" alt=\"\" width=\"300\" height=\"201\" srcset=\"https:\/\/75lat.usz.edu.pl\/wp-content\/uploads\/2021\/04\/Gronowski-okladka-300x201.jpg 300w, https:\/\/75lat.usz.edu.pl\/wp-content\/uploads\/2021\/04\/Gronowski-okladka-1024x686.jpg 1024w, https:\/\/75lat.usz.edu.pl\/wp-content\/uploads\/2021\/04\/Gronowski-okladka-768x515.jpg 768w, https:\/\/75lat.usz.edu.pl\/wp-content\/uploads\/2021\/04\/Gronowski-okladka.jpg 1189w\" sizes=\"auto, (max-width: 300px) 100vw, 300px\" \/><\/a> <a href=\"https:\/\/75lat.usz.edu.pl\/wp-content\/uploads\/2021\/04\/Bronk-okladka.jpg\"><img loading=\"lazy\" decoding=\"async\" src=\"https:\/\/75lat.usz.edu.pl\/wp-content\/uploads\/2021\/04\/Bronk-okladka-300x206.jpg\" alt=\"\" width=\"300\" height=\"206\" srcset=\"https:\/\/75lat.usz.edu.pl\/wp-content\/uploads\/2021\/04\/Bronk-okladka-300x206.jpg 300w, https:\/\/75lat.usz.edu.pl\/wp-content\/uploads\/2021\/04\/Bronk-okladka-1024x702.jpg 1024w, https:\/\/75lat.usz.edu.pl\/wp-content\/uploads\/2021\/04\/Bronk-okladka-768x527.jpg 768w, https:\/\/75lat.usz.edu.pl\/wp-content\/uploads\/2021\/04\/Bronk-okladka-474x324.jpg 474w, https:\/\/75lat.usz.edu.pl\/wp-content\/uploads\/2021\/04\/Bronk-okladka.jpg 1165w\" sizes=\"auto, (max-width: 300px) 100vw, 300px\" \/><\/a><a href=\"https:\/\/75lat.usz.edu.pl\/wp-content\/uploads\/2022\/01\/15_flejterski.s.pdf\"><img loading=\"lazy\" decoding=\"async\" src=\"https:\/\/75lat.usz.edu.pl\/wp-content\/uploads\/2022\/01\/okladka_flejterski-212x300.jpg\" alt=\"\" width=\"145\" height=\"206\" srcset=\"https:\/\/75lat.usz.edu.pl\/wp-content\/uploads\/2022\/01\/okladka_flejterski-212x300.jpg 212w, https:\/\/75lat.usz.edu.pl\/wp-content\/uploads\/2022\/01\/okladka_flejterski.jpg 643w\" sizes=\"auto, (max-width: 145px) 100vw, 145px\" \/><\/a><\/p>\n<h2>Patronat<br\/><\/h2>\n<img src=\"https:\/\/75lat.usz.edu.pl\/wp-content\/uploads\/2021\/06\/PTE-1024x410-749x300.png\" height=\"300\" title=\"PTE\" alt=\"PTE\" srcset=\"https:\/\/75lat.usz.edu.pl\/wp-content\/uploads\/2021\/06\/PTE-1024x410-749x300.png 749w, https:\/\/75lat.usz.edu.pl\/wp-content\/uploads\/2021\/06\/PTE-300x120.png 300w, https:\/\/75lat.usz.edu.pl\/wp-content\/uploads\/2021\/06\/PTE-1024x410.png 1024w, https:\/\/75lat.usz.edu.pl\/wp-content\/uploads\/2021\/06\/PTE-768x307.png 768w, https:\/\/75lat.usz.edu.pl\/wp-content\/uploads\/2021\/06\/PTE-1536x615.png 1536w, https:\/\/75lat.usz.edu.pl\/wp-content\/uploads\/2021\/06\/PTE.png 1616w\" sizes=\"(max-width: 749px) 100vw, 749px\" \/>\n<h3 style=\"text-align: center;\"><strong>Kalendarz wydarze\u0144<br \/><\/strong><\/h3> \u00a0\n<p>[th-slider category=\"82\"]<\/p>\n<h2>Komitet Programowy<\/h2> \u00a0\n\n<p><strong>Przewodnicz\u0105c Komitetu Programowego<\/strong><\/p> <p>prof. dr hab. Waldemar Tarczy\u0144ski, JM Rektor Uniwersytetu Szczeci\u0144skiego<\/p> <p><strong>Cz\u0142onkowie Komitetu Programowego:<\/strong><\/p> <p>\u00a0<\/p> <ul> <li>dr hab. Ma\u0142gorzata \u0141atuszy\u0144ska, prof. US<\/li> <li>dr hab. Jacek Buko, prof. US<\/li> <li>dr hab. Joanna Wi\u015bniewska, prof. US<\/li> <li>dr Tomasz Norek<\/li> <li>prof. dr hab. Iga Rudawska<\/li> <li>dr hab. Ma\u0142gorzata Porada-Rocho\u0144, prof. US<\/li> <li>dr hab. Sebastian Majewski, prof. US<\/li> <li>prof. dr hab. in\u017c. Kesra Nermend<\/li> <li>dr hab. Katarzyna Gadomska-Lila, prof. US<\/li> <li>dr Andrzej Rzeczycki<\/li> <li>prof. dr hab. Gra\u017cyna Rosa<\/li> <li>dr hab. Rafa\u0142 Kl\u00f3ska, prof. US<\/li> <li>dr hab. Barbara Kryk prof. US<\/li> <li>prof. dr hab. Ewa Fr\u0105ckiewicz<\/li> <\/ul>\n<p><iframe src=\"https:\/\/www.google.com\/maps\/embed?pb=!1m18!1m12!1m3!1d2376.663091156344!2d14.518420316184564!3d53.4387319799986!2m3!1f0!2f0!3f0!3m2!1i1024!2i768!4f13.1!3m3!1m2!1s0x47aa09358c31c177%3A0xa101415c4a7474c5!2sAdama%20Mickiewicza%2064%2C%2071-899%20Szczecin!5e0!3m2!1spl!2spl!4v1614770392775!5m2!1spl!2spl\" width=\"600\" height=\"450\" style=\"border:0;\" allowfullscreen=\"\" loading=\"lazy\"><\/iframe><\/p>\n<h2>Kontakt<\/h2>\n<p>dr Urszula Chr\u0105chol- Barczyk <a href=\"mailto:urszula.chrachol-barczyk@usz.edu.pl\" target=\"_blank\" rel=\"noopener noreferrer\" data-auth=\"NotApplicable\">urszula.chrachol-barczyk@usz.edu.pl<\/a><\/p> <p>dr Agnieszka Smalec <a href=\"mailto:agnieszka.smalec@usz.edu.pl\" target=\"_blank\" rel=\"noopener noreferrer\" data-auth=\"NotApplicable\">agnieszka.smalec@usz.edu.pl<\/a><\/p>","_links":{"self":[{"href":"https:\/\/75lat.usz.edu.pl\/index.php\/wp-json\/wp\/v2\/pages\/466","targetHints":{"allow":["GET"]}}],"collection":[{"href":"https:\/\/75lat.usz.edu.pl\/index.php\/wp-json\/wp\/v2\/pages"}],"about":[{"href":"https:\/\/75lat.usz.edu.pl\/index.php\/wp-json\/wp\/v2\/types\/page"}],"author":[{"embeddable":true,"href":"https:\/\/75lat.usz.edu.pl\/index.php\/wp-json\/wp\/v2\/users\/1"}],"replies":[{"embeddable":true,"href":"https:\/\/75lat.usz.edu.pl\/index.php\/wp-json\/wp\/v2\/comments?post=466"}],"version-history":[{"count":31,"href":"https:\/\/75lat.usz.edu.pl\/index.php\/wp-json\/wp\/v2\/pages\/466\/revisions"}],"predecessor-version":[{"id":1392,"href":"https:\/\/75lat.usz.edu.pl\/index.php\/wp-json\/wp\/v2\/pages\/466\/revisions\/1392"}],"wp:attachment":[{"href":"https:\/\/75lat.usz.edu.pl\/index.php\/wp-json\/wp\/v2\/media?parent=466"}],"curies":[{"name":"wp","href":"https:\/\/api.w.org\/{rel}","templated":true}]}}